{"id":1961,"date":"2026-03-11T14:07:17","date_gmt":"2026-03-11T19:07:17","guid":{"rendered":"https:\/\/oftalmologocancun.com.mx\/?page_id=1961"},"modified":"2026-03-12T01:38:45","modified_gmt":"2026-03-12T06:38:45","slug":"conjuntivitis","status":"publish","type":"page","link":"https:\/\/oftalmologocancun.com.mx\/en\/problemas-oculares-quintanaroo\/conjuntivitis\/","title":{"rendered":"Conjuntivitis"},"content":{"rendered":"\t\t<div data-elementor-type=\"wp-page\" data-elementor-id=\"1961\" class=\"elementor elementor-1961\" data-elementor-post-type=\"page\">\n\t\t\t\t\t\t<section class=\"elementor-section elementor-top-section elementor-element elementor-element-4e403892 elementor-section-height-min-height elementor-section-items-stretch elementor-section-content-middle elementor-section-stretched elementor-section-boxed elementor-section-height-default\" data-id=\"4e403892\" data-element_type=\"section\" data-e-type=\"section\" data-settings=\"{&quot;background_background&quot;:&quot;classic&quot;,&quot;stretch_section&quot;:&quot;section-stretched&quot;}\">\n\t\t\t\t\t\t\t<div class=\"elementor-background-overlay\"><\/div>\n\t\t\t\t\t\t\t<div class=\"elementor-container elementor-column-gap-no\">\n\t\t\t\t\t<div class=\"elementor-column elementor-col-100 elementor-top-column elementor-element elementor-element-1e5dddde\" data-id=\"1e5dddde\" data-element_type=\"column\" data-e-type=\"column\">\n\t\t\t<div class=\"elementor-widget-wrap elementor-element-populated\">\n\t\t\t\t\t\t<div class=\"elementor-element elementor-element-5003a01 elementor-widget elementor-widget-breadcrumbs\" data-id=\"5003a01\" data-element_type=\"widget\" data-e-type=\"widget\" data-widget_type=\"breadcrumbs.default\">\n\t\t\t\t<div class=\"elementor-widget-container\">\n\t\t\t\t\t<nav aria-label=\"breadcrumbs\" class=\"rank-math-breadcrumb\"><p><span class=\"last\">Home<\/span><\/p><\/nav>\t\t\t\t<\/div>\n\t\t\t\t<\/div>\n\t\t\t\t<div class=\"elementor-element elementor-element-3d68b908 elementor-widget elementor-widget-heading\" data-id=\"3d68b908\" data-element_type=\"widget\" data-e-type=\"widget\" data-widget_type=\"heading.default\">\n\t\t\t\t<div class=\"elementor-widget-container\">\n\t\t\t\t\t<h1 class=\"elementor-heading-title elementor-size-default\">Conjuntivitis (Ojo Rojo)\n<\/h1>\t\t\t\t<\/div>\n\t\t\t\t<\/div>\n\t\t\t\t<div class=\"elementor-element elementor-element-16d0c51 elementor-widget elementor-widget-text-editor\" data-id=\"16d0c51\" data-element_type=\"widget\" data-e-type=\"widget\" data-widget_type=\"text-editor.default\">\n\t\t\t\t<div class=\"elementor-widget-container\">\n\t\t\t\t\t\t\t\t\t<p><span style=\"font-weight: 400;\">La conjuntivitis es una de las causas m\u00e1s comunes de ojo rojo en ni\u00f1os y adultos. Ocurre cuando la conjuntiva, la membrana transparente que recubre la parte blanca del ojo y el interior de los p\u00e1rpados, se inflama o se infecta.<\/span><\/p><p><span style=\"font-weight: 400;\">Esta condici\u00f3n puede aparecer por infecciones virales o bacterianas, alergias, irritaci\u00f3n ambiental o exposici\u00f3n a sustancias qu\u00edmicas. En muchos casos es leve, pero algunas formas requieren evaluaci\u00f3n m\u00e9dica para evitar complicaciones.<\/span><\/p><p><span style=\"font-weight: 400;\">Si presentas conjuntivitis sintomas como enrojecimiento, secreci\u00f3n o ardor en los ojos, es recomendable consultar a un oftalm\u00f3logo en Canc\u00fan para obtener un diagn\u00f3stico adecuado y el conjuntivitis tratamiento m\u00e1s apropiado.<\/span><\/p>\t\t\t\t\t\t\t\t<\/div>\n\t\t\t\t<\/div>\n\t\t\t\t<div class=\"elementor-element elementor-element-e493278 elementor-widget elementor-widget-spacer\" data-id=\"e493278\" data-element_type=\"widget\" data-e-type=\"widget\" data-widget_type=\"spacer.default\">\n\t\t\t\t<div class=\"elementor-widget-container\">\n\t\t\t\t\t\t\t<div class=\"elementor-spacer\">\n\t\t\t<div class=\"elementor-spacer-inner\"><\/div>\n\t\t<\/div>\n\t\t\t\t\t\t<\/div>\n\t\t\t\t<\/div>\n\t\t\t\t\t<\/div>\n\t\t<\/div>\n\t\t\t\t\t<\/div>\n\t\t<\/section>\n\t\t\t\t<section class=\"elementor-section elementor-top-section elementor-element elementor-element-258cad4 elementor-section-boxed elementor-section-height-default elementor-section-height-default\" data-id=\"258cad4\" data-element_type=\"section\" data-e-type=\"section\">\n\t\t\t\t\t\t<div class=\"elementor-container elementor-column-gap-default\">\n\t\t\t\t\t<div class=\"elementor-column elementor-col-100 elementor-top-column elementor-element elementor-element-ccbbe5b elementor-invisible\" data-id=\"ccbbe5b\" data-element_type=\"column\" data-e-type=\"column\" data-settings=\"{&quot;background_background&quot;:&quot;classic&quot;,&quot;animation&quot;:&quot;fadeIn&quot;}\">\n\t\t\t<div class=\"elementor-widget-wrap elementor-element-populated\">\n\t\t\t\t\t\t<div class=\"elementor-element elementor-element-b986e58 elementor-widget elementor-widget-heading\" data-id=\"b986e58\" data-element_type=\"widget\" data-e-type=\"widget\" data-widget_type=\"heading.default\">\n\t\t\t\t<div class=\"elementor-widget-container\">\n\t\t\t\t\t<h3 class=\"elementor-heading-title elementor-size-default\">Navegaci\u00f3n r\u00e1pida<\/h3>\t\t\t\t<\/div>\n\t\t\t\t<\/div>\n\t\t\t\t<section class=\"elementor-section elementor-inner-section elementor-element elementor-element-130ad12 elementor-section-boxed elementor-section-height-default elementor-section-height-default\" data-id=\"130ad12\" data-element_type=\"section\" data-e-type=\"section\">\n\t\t\t\t\t\t<div class=\"elementor-container elementor-column-gap-default\">\n\t\t\t\t\t<div class=\"elementor-column elementor-col-16 elementor-inner-column elementor-element elementor-element-40be410\" data-id=\"40be410\" data-element_type=\"column\" data-e-type=\"column\">\n\t\t\t<div class=\"elementor-widget-wrap elementor-element-populated\">\n\t\t\t\t\t\t<div class=\"elementor-element elementor-element-e7350e8 elementor-widget elementor-widget-button\" data-id=\"e7350e8\" data-element_type=\"widget\" data-e-type=\"widget\" data-widget_type=\"button.default\">\n\t\t\t\t<div class=\"elementor-widget-container\">\n\t\t\t\t\t\t\t\t\t<div class=\"elementor-button-wrapper\">\n\t\t\t\t\t<a class=\"elementor-button elementor-button-link elementor-size-sm\" href=\"#que_es_conjuntivitis\">\n\t\t\t\t\t\t<span class=\"elementor-button-content-wrapper\">\n\t\t\t\t\t\t\t\t\t<span class=\"elementor-button-text\">Qu\u00e9 es <\/span>\n\t\t\t\t\t<\/span>\n\t\t\t\t\t<\/a>\n\t\t\t\t<\/div>\n\t\t\t\t\t\t\t\t<\/div>\n\t\t\t\t<\/div>\n\t\t\t\t\t<\/div>\n\t\t<\/div>\n\t\t\t\t<div class=\"elementor-column elementor-col-16 elementor-inner-column elementor-element elementor-element-c003b97\" data-id=\"c003b97\" data-element_type=\"column\" data-e-type=\"column\">\n\t\t\t<div class=\"elementor-widget-wrap elementor-element-populated\">\n\t\t\t\t\t\t<div class=\"elementor-element elementor-element-b70e573 elementor-widget elementor-widget-button\" data-id=\"b70e573\" data-element_type=\"widget\" data-e-type=\"widget\" data-widget_type=\"button.default\">\n\t\t\t\t<div class=\"elementor-widget-container\">\n\t\t\t\t\t\t\t\t\t<div class=\"elementor-button-wrapper\">\n\t\t\t\t\t<a class=\"elementor-button elementor-button-link elementor-size-sm\" href=\"#S\u00edntomas\">\n\t\t\t\t\t\t<span class=\"elementor-button-content-wrapper\">\n\t\t\t\t\t\t\t\t\t<span class=\"elementor-button-text\">S\u00edntomas<\/span>\n\t\t\t\t\t<\/span>\n\t\t\t\t\t<\/a>\n\t\t\t\t<\/div>\n\t\t\t\t\t\t\t\t<\/div>\n\t\t\t\t<\/div>\n\t\t\t\t\t<\/div>\n\t\t<\/div>\n\t\t\t\t<div class=\"elementor-column elementor-col-16 elementor-inner-column elementor-element elementor-element-48ae756\" data-id=\"48ae756\" data-element_type=\"column\" data-e-type=\"column\">\n\t\t\t<div class=\"elementor-widget-wrap elementor-element-populated\">\n\t\t\t\t\t\t<div class=\"elementor-element elementor-element-f91452a elementor-widget elementor-widget-button\" data-id=\"f91452a\" data-element_type=\"widget\" data-e-type=\"widget\" data-widget_type=\"button.default\">\n\t\t\t\t<div class=\"elementor-widget-container\">\n\t\t\t\t\t\t\t\t\t<div class=\"elementor-button-wrapper\">\n\t\t\t\t\t<a class=\"elementor-button elementor-button-link elementor-size-sm\" href=\"#causas\">\n\t\t\t\t\t\t<span class=\"elementor-button-content-wrapper\">\n\t\t\t\t\t\t\t\t\t<span class=\"elementor-button-text\">Causas<\/span>\n\t\t\t\t\t<\/span>\n\t\t\t\t\t<\/a>\n\t\t\t\t<\/div>\n\t\t\t\t\t\t\t\t<\/div>\n\t\t\t\t<\/div>\n\t\t\t\t\t<\/div>\n\t\t<\/div>\n\t\t\t\t<div class=\"elementor-column elementor-col-16 elementor-inner-column elementor-element elementor-element-a9c161d\" data-id=\"a9c161d\" data-element_type=\"column\" data-e-type=\"column\">\n\t\t\t<div class=\"elementor-widget-wrap elementor-element-populated\">\n\t\t\t\t\t\t<div class=\"elementor-element elementor-element-183832e elementor-widget elementor-widget-button\" data-id=\"183832e\" data-element_type=\"widget\" data-e-type=\"widget\" data-widget_type=\"button.default\">\n\t\t\t\t<div class=\"elementor-widget-container\">\n\t\t\t\t\t\t\t\t\t<div class=\"elementor-button-wrapper\">\n\t\t\t\t\t<a class=\"elementor-button elementor-button-link elementor-size-sm\" href=\"#diagnostico\">\n\t\t\t\t\t\t<span class=\"elementor-button-content-wrapper\">\n\t\t\t\t\t\t\t\t\t<span class=\"elementor-button-text\">Diagn\u00f3stico<\/span>\n\t\t\t\t\t<\/span>\n\t\t\t\t\t<\/a>\n\t\t\t\t<\/div>\n\t\t\t\t\t\t\t\t<\/div>\n\t\t\t\t<\/div>\n\t\t\t\t\t<\/div>\n\t\t<\/div>\n\t\t\t\t<div class=\"elementor-column elementor-col-16 elementor-inner-column elementor-element elementor-element-9a41724\" data-id=\"9a41724\" data-element_type=\"column\" data-e-type=\"column\">\n\t\t\t<div class=\"elementor-widget-wrap elementor-element-populated\">\n\t\t\t\t\t\t<div class=\"elementor-element elementor-element-8764d14 elementor-widget elementor-widget-button\" data-id=\"8764d14\" data-element_type=\"widget\" data-e-type=\"widget\" data-widget_type=\"button.default\">\n\t\t\t\t<div class=\"elementor-widget-container\">\n\t\t\t\t\t\t\t\t\t<div class=\"elementor-button-wrapper\">\n\t\t\t\t\t<a class=\"elementor-button elementor-button-link elementor-size-sm\" href=\"#Tratamiento\">\n\t\t\t\t\t\t<span class=\"elementor-button-content-wrapper\">\n\t\t\t\t\t\t\t\t\t<span class=\"elementor-button-text\">Tratamiento<\/span>\n\t\t\t\t\t<\/span>\n\t\t\t\t\t<\/a>\n\t\t\t\t<\/div>\n\t\t\t\t\t\t\t\t<\/div>\n\t\t\t\t<\/div>\n\t\t\t\t\t<\/div>\n\t\t<\/div>\n\t\t\t\t<div class=\"elementor-column elementor-col-16 elementor-inner-column elementor-element elementor-element-2791e3d\" data-id=\"2791e3d\" data-element_type=\"column\" data-e-type=\"column\">\n\t\t\t<div class=\"elementor-widget-wrap\">\n\t\t\t\t\t\t\t<\/div>\n\t\t<\/div>\n\t\t\t\t\t<\/div>\n\t\t<\/section>\n\t\t\t\t\t<\/div>\n\t\t<\/div>\n\t\t\t\t\t<\/div>\n\t\t<\/section>\n\t\t\t\t<section class=\"elementor-section elementor-top-section elementor-element elementor-element-284b697b elementor-section-content-middle elementor-section-boxed elementor-section-height-default elementor-section-height-default\" data-id=\"284b697b\" data-element_type=\"section\" data-e-type=\"section\">\n\t\t\t\t\t\t<div class=\"elementor-container elementor-column-gap-no\">\n\t\t\t\t\t<div class=\"elementor-column elementor-col-100 elementor-top-column elementor-element elementor-element-3c651c0c\" data-id=\"3c651c0c\" data-element_type=\"column\" data-e-type=\"column\">\n\t\t\t<div class=\"elementor-widget-wrap elementor-element-populated\">\n\t\t\t\t\t\t<div class=\"elementor-element elementor-element-a615bea elementor-widget elementor-widget-spacer\" data-id=\"a615bea\" data-element_type=\"widget\" data-e-type=\"widget\" data-widget_type=\"spacer.default\">\n\t\t\t\t<div class=\"elementor-widget-container\">\n\t\t\t\t\t\t\t<div class=\"elementor-spacer\">\n\t\t\t<div class=\"elementor-spacer-inner\"><\/div>\n\t\t<\/div>\n\t\t\t\t\t\t<\/div>\n\t\t\t\t<\/div>\n\t\t\t\t<div class=\"elementor-element elementor-element-939e14c elementor-widget elementor-widget-heading\" data-id=\"939e14c\" data-element_type=\"widget\" data-e-type=\"widget\" data-widget_type=\"heading.default\">\n\t\t\t\t<div class=\"elementor-widget-container\">\n\t\t\t\t\t<h2 class=\"elementor-heading-title elementor-size-default\">Datos r\u00e1pidos\n<\/h2>\t\t\t\t<\/div>\n\t\t\t\t<\/div>\n\t\t\t\t<div class=\"elementor-element elementor-element-2598e3e elementor-widget elementor-widget-text-editor\" data-id=\"2598e3e\" data-element_type=\"widget\" data-e-type=\"widget\" data-widget_type=\"text-editor.default\">\n\t\t\t\t<div class=\"elementor-widget-container\">\n\t\t\t\t\t\t\t\t\t<ul><li style=\"font-weight: 400;\" aria-level=\"1\"><span style=\"font-weight: 400;\">La conjuntivitis es una inflamaci\u00f3n de la conjuntiva ocular.<\/span><\/li><li style=\"font-weight: 400;\" aria-level=\"1\"><span style=\"font-weight: 400;\">Tambi\u00e9n se conoce popularmente como ojo rojo o \u201cpink eye\u201d.<\/span><\/li><li style=\"font-weight: 400;\" aria-level=\"1\"><span style=\"font-weight: 400;\">Puede ser causada por virus, bacterias, alergias o irritantes ambientales.<\/span><\/li><li style=\"font-weight: 400;\" aria-level=\"1\"><span style=\"font-weight: 400;\">Algunas formas son altamente contagiosas.<\/span><\/li><li style=\"font-weight: 400;\" aria-level=\"1\"><span style=\"font-weight: 400;\">La mayor\u00eda de los casos se resuelven en pocos d\u00edas con tratamiento adecuado.<\/span><\/li><li style=\"font-weight: 400;\" aria-level=\"1\">Un diagn\u00f3stico oftalmol\u00f3gico ayuda a diferenciar el tipo de conjuntivitis.<\/li><\/ul>\t\t\t\t\t\t\t\t<\/div>\n\t\t\t\t<\/div>\n\t\t\t\t\t<\/div>\n\t\t<\/div>\n\t\t\t\t\t<\/div>\n\t\t<\/section>\n\t\t\t\t<section class=\"elementor-section elementor-top-section elementor-element elementor-element-f372946 elementor-section-boxed elementor-section-height-default elementor-section-height-default\" data-id=\"f372946\" data-element_type=\"section\" data-e-type=\"section\">\n\t\t\t\t\t\t<div class=\"elementor-container elementor-column-gap-default\">\n\t\t\t\t\t<div class=\"elementor-column elementor-col-100 elementor-top-column elementor-element elementor-element-efa21c4\" data-id=\"efa21c4\" data-element_type=\"column\" data-e-type=\"column\">\n\t\t\t<div class=\"elementor-widget-wrap elementor-element-populated\">\n\t\t\t\t\t\t<div class=\"elementor-element elementor-element-f51e0db elementor-widget elementor-widget-menu-anchor\" data-id=\"f51e0db\" data-element_type=\"widget\" data-e-type=\"widget\" data-widget_type=\"menu-anchor.default\">\n\t\t\t\t<div class=\"elementor-widget-container\">\n\t\t\t\t\t\t\t<div class=\"elementor-menu-anchor\" id=\"que_es_conjuntivitis\"><\/div>\n\t\t\t\t\t\t<\/div>\n\t\t\t\t<\/div>\n\t\t\t\t<div class=\"elementor-element elementor-element-6640d8d elementor-widget elementor-widget-text-editor\" data-id=\"6640d8d\" data-element_type=\"widget\" data-e-type=\"widget\" data-widget_type=\"text-editor.default\">\n\t\t\t\t<div class=\"elementor-widget-container\">\n\t\t\t\t\t\t\t\t\t<h2><b>\u00bfQu\u00e9 es Conjuntivitis?<\/b><\/h2><p><span style=\"font-weight: 400;\">La conjuntivitis es la inflamaci\u00f3n o infecci\u00f3n de la conjuntiva, el tejido delgado que cubre la superficie del ojo. Este tejido ayuda a lubricar el ojo y protegerlo de microorganismos y part\u00edculas externas.<\/span><\/p><p><span style=\"font-weight: 400;\">Cuando la conjuntiva se inflama, los vasos sangu\u00edneos se dilatan y el ojo adquiere un color rojo caracter\u00edstico. Este es el motivo por el que muchas personas identifican la condici\u00f3n simplemente como ojo rojo.<\/span><\/p><p><span style=\"font-weight: 400;\">Existen varios tipos de conjuntivitis:<\/span><\/p><ul><li style=\"font-weight: 400;\" aria-level=\"1\"><span style=\"font-weight: 400;\">Conjuntivitis viral<\/span><\/li><li style=\"font-weight: 400;\" aria-level=\"1\"><span style=\"font-weight: 400;\">Conjuntivitis bacteriana<\/span><\/li><li style=\"font-weight: 400;\" aria-level=\"1\"><span style=\"font-weight: 400;\">Conjuntivitis al\u00e9rgica<\/span><\/li><li style=\"font-weight: 400;\" aria-level=\"1\"><span style=\"font-weight: 400;\">Conjuntivitis irritativa<\/span><\/li><\/ul><p><span style=\"font-weight: 400;\">Cada tipo tiene diferentes causas de la conjuntivitis y puede requerir diferentes tratamientos.<\/span><\/p>\t\t\t\t\t\t\t\t<\/div>\n\t\t\t\t<\/div>\n\t\t\t\t<div class=\"elementor-element elementor-element-3d7b15f elementor-widget elementor-widget-text-editor\" data-id=\"3d7b15f\" data-element_type=\"widget\" data-e-type=\"widget\" data-widget_type=\"text-editor.default\">\n\t\t\t\t<div class=\"elementor-widget-container\">\n\t\t\t\t\t\t\t\t\t<h2><b>\u00bfC\u00f3mo afecta al ojo?<\/b><\/h2><p><span style=\"font-weight: 400;\">La inflamaci\u00f3n de la conjuntiva altera la funci\u00f3n normal de la superficie ocular. Esto puede provocar molestias, secreci\u00f3n y sensibilidad a la luz.<\/span><\/p><p><span style=\"font-weight: 400;\">En casos leves, el ojo puede presentar \u00fanicamente enrojecimiento y lagrimeo. Sin embargo, algunas infecciones bacterianas o virales pueden causar s\u00edntomas m\u00e1s intensos.<\/span><\/p><p><span style=\"font-weight: 400;\">Cuando la infecci\u00f3n es contagiosa, puede propagarse f\u00e1cilmente a trav\u00e9s del contacto con secreciones o superficies contaminadas.<\/span><\/p><p><span style=\"font-weight: 400;\">Por esta raz\u00f3n, es importante recibir una evaluaci\u00f3n oftalmol\u00f3gica adecuada, especialmente si los s\u00edntomas no mejoran despu\u00e9s de unos d\u00edas.<\/span><\/p>\t\t\t\t\t\t\t\t<\/div>\n\t\t\t\t<\/div>\n\t\t\t\t<div class=\"elementor-element elementor-element-ab7c50e elementor-widget elementor-widget-menu-anchor\" data-id=\"ab7c50e\" data-element_type=\"widget\" data-e-type=\"widget\" data-widget_type=\"menu-anchor.default\">\n\t\t\t\t<div class=\"elementor-widget-container\">\n\t\t\t\t\t\t\t<div class=\"elementor-menu-anchor\" id=\"Sntomas\"><\/div>\n\t\t\t\t\t\t<\/div>\n\t\t\t\t<\/div>\n\t\t\t\t<div class=\"elementor-element elementor-element-aebd8e2 elementor-widget elementor-widget-text-editor\" data-id=\"aebd8e2\" data-element_type=\"widget\" data-e-type=\"widget\" data-widget_type=\"text-editor.default\">\n\t\t\t\t<div class=\"elementor-widget-container\">\n\t\t\t\t\t\t\t\t\t<h2><b>S\u00edntomas<\/b><\/h2><p><span style=\"font-weight: 400;\">Los conjuntivitis sintomas pueden variar seg\u00fan el tipo de conjuntivitis. Los signos m\u00e1s comunes incluyen:<\/span><\/p><ul><li style=\"font-weight: 400;\" aria-level=\"1\"><span style=\"font-weight: 400;\">Enrojecimiento del ojo<\/span><\/li><li style=\"font-weight: 400;\" aria-level=\"1\"><span style=\"font-weight: 400;\">Sensaci\u00f3n de ardor o irritaci\u00f3n<\/span><\/li><li style=\"font-weight: 400;\" aria-level=\"1\"><span style=\"font-weight: 400;\">Picaz\u00f3n ocular<\/span><\/li><li style=\"font-weight: 400;\" aria-level=\"1\"><span style=\"font-weight: 400;\">Lagrimeo excesivo<\/span><\/li><li style=\"font-weight: 400;\" aria-level=\"1\"><span style=\"font-weight: 400;\">Secreci\u00f3n ocular<\/span><\/li><li style=\"font-weight: 400;\" aria-level=\"1\"><span style=\"font-weight: 400;\">Sensaci\u00f3n de arenilla en el ojo<\/span><\/li><li style=\"font-weight: 400;\" aria-level=\"1\"><span style=\"font-weight: 400;\">P\u00e1rpados inflamados<\/span><\/li><li style=\"font-weight: 400;\" aria-level=\"1\"><span style=\"font-weight: 400;\">Sensibilidad a la luz<\/span><\/li><\/ul><p><span style=\"font-weight: 400;\">En algunos casos tambi\u00e9n pueden presentarse:<\/span><\/p><ul><li style=\"font-weight: 400;\" aria-level=\"1\"><span style=\"font-weight: 400;\">Ojos pegados al despertar<\/span><\/li><li style=\"font-weight: 400;\" aria-level=\"1\"><span style=\"font-weight: 400;\">Secreci\u00f3n amarillenta o verdosa<\/span><\/li><li style=\"font-weight: 400;\" aria-level=\"1\"><span style=\"font-weight: 400;\">Inflamaci\u00f3n de ganglios cercanos al o\u00eddo<\/span><\/li><\/ul><p><span style=\"font-weight: 400;\">Si los s\u00edntomas persisten o empeoran, es recomendable acudir a un especialista en ojos.<\/span><\/p>\t\t\t\t\t\t\t\t<\/div>\n\t\t\t\t<\/div>\n\t\t\t\t<div class=\"elementor-element elementor-element-de51780 elementor-widget elementor-widget-menu-anchor\" data-id=\"de51780\" data-element_type=\"widget\" data-e-type=\"widget\" data-widget_type=\"menu-anchor.default\">\n\t\t\t\t<div class=\"elementor-widget-container\">\n\t\t\t\t\t\t\t<div class=\"elementor-menu-anchor\" id=\"causas\"><\/div>\n\t\t\t\t\t\t<\/div>\n\t\t\t\t<\/div>\n\t\t\t\t<div class=\"elementor-element elementor-element-b385903 elementor-widget elementor-widget-text-editor\" data-id=\"b385903\" data-element_type=\"widget\" data-e-type=\"widget\" data-widget_type=\"text-editor.default\">\n\t\t\t\t<div class=\"elementor-widget-container\">\n\t\t\t\t\t\t\t\t\t<h2><b>Causas<\/b><\/h2><p><span style=\"font-weight: 400;\">Las causas de la conjuntivitis dependen del tipo espec\u00edfico de inflamaci\u00f3n.<\/span><\/p><p><span style=\"font-weight: 400;\">Las causas m\u00e1s frecuentes incluyen:<\/span><\/p><p><strong>Infecciones virales<\/strong><\/p><ul><li style=\"font-weight: 400;\" aria-level=\"1\"><span style=\"font-weight: 400;\">Adenovirus<\/span><\/li><li style=\"font-weight: 400;\" aria-level=\"1\"><span style=\"font-weight: 400;\">Infecciones respiratorias asociadas<\/span><\/li><li style=\"font-weight: 400;\" aria-level=\"1\"><span style=\"font-weight: 400;\">Resfriados o gripe<\/span><\/li><\/ul><p><strong>Infecciones bacterianas<\/strong><\/p><ul><li style=\"font-weight: 400;\" aria-level=\"1\"><span style=\"font-weight: 400;\">Staphylococcus aureus<\/span><\/li><li style=\"font-weight: 400;\" aria-level=\"1\"><span style=\"font-weight: 400;\">Streptococcus pneumoniae<\/span><\/li><li style=\"font-weight: 400;\" aria-level=\"1\"><span style=\"font-weight: 400;\">Haemophilus influenzae<\/span><\/li><\/ul><p><strong>Reacciones al\u00e9rgicas<\/strong><\/p><ul><li style=\"font-weight: 400;\" aria-level=\"1\"><span style=\"font-weight: 400;\">Polen<\/span><\/li><li style=\"font-weight: 400;\" aria-level=\"1\"><span style=\"font-weight: 400;\">\u00c1caros del polvo<\/span><\/li><li style=\"font-weight: 400;\" aria-level=\"1\"><span style=\"font-weight: 400;\">Caspa de animales<\/span><\/li><li style=\"font-weight: 400;\" aria-level=\"1\"><span style=\"font-weight: 400;\">Moho<\/span><\/li><\/ul><p><strong>Irritaci\u00f3n ocular<\/strong><\/p><ul><li style=\"font-weight: 400;\" aria-level=\"1\"><span style=\"font-weight: 400;\">Humo<\/span><\/li><li style=\"font-weight: 400;\" aria-level=\"1\"><span style=\"font-weight: 400;\">Cloro de piscinas<\/span><\/li><li style=\"font-weight: 400;\" aria-level=\"1\"><span style=\"font-weight: 400;\">Productos qu\u00edmicos<\/span><\/li><li style=\"font-weight: 400;\" aria-level=\"1\"><span style=\"font-weight: 400;\">Lentes de contacto mal higienizados<\/span><\/li><\/ul><p><span style=\"font-weight: 400;\">Identificar la causa exacta es fundamental para indicar el conjuntivitis tratamiento correcto.<\/span><\/p><p>\u00a0<\/p><h2><b>Factores de riesgo<\/b><\/h2><p><span style=\"font-weight: 400;\">Algunas personas tienen mayor probabilidad de desarrollar conjuntivitis.<\/span><\/p><p><span style=\"font-weight: 400;\">Entre los factores de riesgo se encuentran:<\/span><\/p><ul><li style=\"font-weight: 400;\" aria-level=\"1\"><span style=\"font-weight: 400;\">Contacto cercano con personas infectadas<\/span><\/li><li style=\"font-weight: 400;\" aria-level=\"1\"><span style=\"font-weight: 400;\">Uso prolongado de lentes de contacto<\/span><\/li><li style=\"font-weight: 400;\" aria-level=\"1\"><span style=\"font-weight: 400;\">Alergias estacionales<\/span><\/li><li style=\"font-weight: 400;\" aria-level=\"1\"><span style=\"font-weight: 400;\">Exposici\u00f3n frecuente a contaminantes ambientales<\/span><\/li><li style=\"font-weight: 400;\" aria-level=\"1\"><span style=\"font-weight: 400;\">Higiene ocular deficiente<\/span><\/li><li style=\"font-weight: 400;\" aria-level=\"1\"><span style=\"font-weight: 400;\">Sistemas inmunol\u00f3gicos debilitados<\/span><\/li><\/ul><p>\u00a0<\/p><p><span style=\"font-weight: 400;\">En climas tropicales como Canc\u00fan, la humedad y el contacto frecuente con piscinas o playas tambi\u00e9n pueden favorecer irritaciones o infecciones oculares.<\/span><\/p><p>\u00a0<\/p><h2><b>\u00bfCu\u00e1ndo debes acudir al oftalm\u00f3logo?<\/b><\/h2><p><span style=\"font-weight: 400;\">Aunque muchos casos son leves, es importante buscar atenci\u00f3n m\u00e9dica si presentas:<\/span><\/p><ul><li style=\"font-weight: 400;\" aria-level=\"1\"><span style=\"font-weight: 400;\">Dolor ocular intenso<\/span><\/li><li style=\"font-weight: 400;\" aria-level=\"1\"><span style=\"font-weight: 400;\">Disminuci\u00f3n de la visi\u00f3n<\/span><\/li><li style=\"font-weight: 400;\" aria-level=\"1\"><span style=\"font-weight: 400;\">Sensibilidad extrema a la luz<\/span><\/li><li style=\"font-weight: 400;\" aria-level=\"1\"><span style=\"font-weight: 400;\">Secreci\u00f3n espesa persistente<\/span><\/li><li style=\"font-weight: 400;\" aria-level=\"1\"><span style=\"font-weight: 400;\">S\u00edntomas que duran m\u00e1s de 3 a 5 d\u00edas<\/span><\/li><li style=\"font-weight: 400;\" aria-level=\"1\"><span style=\"font-weight: 400;\">Uso de lentes de contacto con s\u00edntomas de infecci\u00f3n<\/span><\/li><\/ul><p>\u00a0<\/p><p><span style=\"font-weight: 400;\">Un oftalm\u00f3logo en Canc\u00fan puede determinar si se trata de conjuntivitis u otra enfermedad ocular m\u00e1s seria.<\/span><\/p>\t\t\t\t\t\t\t\t<\/div>\n\t\t\t\t<\/div>\n\t\t\t\t<div class=\"elementor-element elementor-element-ea7fadd elementor-widget elementor-widget-menu-anchor\" data-id=\"ea7fadd\" data-element_type=\"widget\" data-e-type=\"widget\" data-widget_type=\"menu-anchor.default\">\n\t\t\t\t<div class=\"elementor-widget-container\">\n\t\t\t\t\t\t\t<div class=\"elementor-menu-anchor\" id=\"diagnostico\"><\/div>\n\t\t\t\t\t\t<\/div>\n\t\t\t\t<\/div>\n\t\t\t\t<div class=\"elementor-element elementor-element-d9ee40b elementor-widget elementor-widget-text-editor\" data-id=\"d9ee40b\" data-element_type=\"widget\" data-e-type=\"widget\" data-widget_type=\"text-editor.default\">\n\t\t\t\t<div class=\"elementor-widget-container\">\n\t\t\t\t\t\t\t\t\t<h2><b>Diagn\u00f3stico<\/b><\/h2><p><span style=\"font-weight: 400;\">El diagn\u00f3stico se basa principalmente en la evaluaci\u00f3n cl\u00ednica realizada por un especialista en ojos.<\/span><\/p><h3><b>Examen oftalmol\u00f3gico<\/b><\/h3><p><span style=\"font-weight: 400;\">Durante la consulta, el oftalm\u00f3logo puede realizar:<\/span><\/p><ul><li style=\"font-weight: 400;\" aria-level=\"1\"><span style=\"font-weight: 400;\">Evaluaci\u00f3n de la superficie ocular<\/span><\/li><li style=\"font-weight: 400;\" aria-level=\"1\"><span style=\"font-weight: 400;\">Revisi\u00f3n de la conjuntiva y los p\u00e1rpados<\/span><\/li><li style=\"font-weight: 400;\" aria-level=\"1\"><span style=\"font-weight: 400;\">Observaci\u00f3n de secreciones o inflamaci\u00f3n<\/span><\/li><li style=\"font-weight: 400;\" aria-level=\"1\"><span style=\"font-weight: 400;\">Examen con l\u00e1mpara de hendidura<\/span><\/li><\/ul><h3><b>Pruebas diagn\u00f3sticas<\/b><\/h3><p><span style=\"font-weight: 400;\">En algunos casos se pueden solicitar pruebas adicionales:<\/span><\/p><ul><li style=\"font-weight: 400;\" aria-level=\"1\"><span style=\"font-weight: 400;\">Cultivo de secreci\u00f3n ocular<\/span><\/li><li style=\"font-weight: 400;\" aria-level=\"1\"><span style=\"font-weight: 400;\">Pruebas de alergia<\/span><\/li><li style=\"font-weight: 400;\" aria-level=\"1\"><span style=\"font-weight: 400;\">Tinci\u00f3n corneal con fluoresce\u00edna<\/span><\/li><\/ul><p>\u00a0<\/p><p><span style=\"font-weight: 400;\">Estas pruebas ayudan a identificar la causa exacta del problema.<\/span><\/p>\t\t\t\t\t\t\t\t<\/div>\n\t\t\t\t<\/div>\n\t\t\t\t<div class=\"elementor-element elementor-element-47dc5d7 elementor-widget elementor-widget-menu-anchor\" data-id=\"47dc5d7\" data-element_type=\"widget\" data-e-type=\"widget\" data-widget_type=\"menu-anchor.default\">\n\t\t\t\t<div class=\"elementor-widget-container\">\n\t\t\t\t\t\t\t<div class=\"elementor-menu-anchor\" id=\"Tratamiento\"><\/div>\n\t\t\t\t\t\t<\/div>\n\t\t\t\t<\/div>\n\t\t\t\t<div class=\"elementor-element elementor-element-6d474b8 elementor-widget elementor-widget-text-editor\" data-id=\"6d474b8\" data-element_type=\"widget\" data-e-type=\"widget\" data-widget_type=\"text-editor.default\">\n\t\t\t\t<div class=\"elementor-widget-container\">\n\t\t\t\t\t\t\t\t\t<h2><b>Tratamiento<\/b><\/h2><p><span style=\"font-weight: 400;\">El conjuntivitis tratamiento depende del tipo de conjuntivitis diagnosticado.<\/span><\/p><p><span style=\"font-weight: 400;\">Si deseas conocer m\u00e1s opciones de cuidado ocular, visita nuestra p\u00e1gina de tratamiento:<\/span><\/p><p><a href=\"https:\/\/oftalmologocancun.com.mx\/servicio-oftalmologico\/\"><span style=\"font-weight: 400;\">Ver tratamientos oftalmol\u00f3gicos<\/span><\/a><\/p>\t\t\t\t\t\t\t\t<\/div>\n\t\t\t\t<\/div>\n\t\t\t\t<div class=\"elementor-element elementor-element-18724e5 elementor-widget elementor-widget-text-editor\" data-id=\"18724e5\" data-element_type=\"widget\" data-e-type=\"widget\" data-widget_type=\"text-editor.default\">\n\t\t\t\t<div class=\"elementor-widget-container\">\n\t\t\t\t\t\t\t\t\t<h3><b>Tratamientos m\u00e9dicos<\/b><\/h3><p><span style=\"font-weight: 400;\">Los tratamientos m\u00e9dicos pueden incluir:<\/span><\/p><ul><li style=\"font-weight: 400;\" aria-level=\"1\"><span style=\"font-weight: 400;\">Gotas antibi\u00f3ticas para infecciones bacterianas<\/span><\/li><li style=\"font-weight: 400;\" aria-level=\"1\"><span style=\"font-weight: 400;\">Antihistam\u00ednicos oculares para alergias<\/span><\/li><li style=\"font-weight: 400;\" aria-level=\"1\"><span style=\"font-weight: 400;\">Lubricantes o l\u00e1grimas artificiales<\/span><\/li><li style=\"font-weight: 400;\" aria-level=\"1\"><span style=\"font-weight: 400;\">Antiinflamatorios oculares<\/span><\/li><\/ul><p>\u00a0<\/p><p><span style=\"font-weight: 400;\">En conjuntivitis viral, el tratamiento suele centrarse en aliviar los s\u00edntomas mientras el sistema inmunol\u00f3gico elimina la infecci\u00f3n.<\/span><\/p><p>\u00a0<\/p><h3><b>Procedimientos quir\u00fargicos<\/b><\/h3><p><span style=\"font-weight: 400;\">La conjuntivitis rara vez requiere cirug\u00eda. Sin embargo, en casos relacionados con obstrucci\u00f3n del conducto lagrimal u otras condiciones oculares, el oftalm\u00f3logo puede recomendar procedimientos espec\u00edficos.<\/span><\/p><p>\u00a0<\/p><h3><b>Cuidados en casa<\/b><\/h3><p><span style=\"font-weight: 400;\">Las medidas de cuidado personal ayudan a mejorar los s\u00edntomas:<\/span><\/p><ul><li style=\"font-weight: 400;\" aria-level=\"1\"><span style=\"font-weight: 400;\">Lavarse las manos con frecuencia<\/span><\/li><li style=\"font-weight: 400;\" aria-level=\"1\"><span style=\"font-weight: 400;\">Evitar tocar o frotar los ojos<\/span><\/li><li style=\"font-weight: 400;\" aria-level=\"1\"><span style=\"font-weight: 400;\">No compartir toallas o maquillaje<\/span><\/li><li style=\"font-weight: 400;\" aria-level=\"1\"><span style=\"font-weight: 400;\">Usar compresas fr\u00edas o tibias<\/span><\/li><li style=\"font-weight: 400;\" aria-level=\"1\"><span style=\"font-weight: 400;\">Suspender temporalmente el uso de lentes de contacto<\/span><\/li><\/ul><p>\u00a0<\/p><h2><b>Posibles complicaciones<\/b><\/h2><p><span style=\"font-weight: 400;\">Aunque la mayor\u00eda de los casos son leves, algunas complicaciones pueden ocurrir si no se trata adecuadamente.<\/span><\/p><p>\u00a0<\/p><p><span style=\"font-weight: 400;\">Entre ellas:<\/span><\/p><ul><li style=\"font-weight: 400;\" aria-level=\"1\"><span style=\"font-weight: 400;\">Infecci\u00f3n corneal<\/span><\/li><li style=\"font-weight: 400;\" aria-level=\"1\"><span style=\"font-weight: 400;\">Cicatrices en la c\u00f3rnea<\/span><\/li><li style=\"font-weight: 400;\" aria-level=\"1\"><span style=\"font-weight: 400;\">Disminuci\u00f3n de la visi\u00f3n<\/span><\/li><li style=\"font-weight: 400;\" aria-level=\"1\"><span style=\"font-weight: 400;\">Infecciones recurrentes<\/span><\/li><\/ul><p>\u00a0<\/p><p><span style=\"font-weight: 400;\">Por esta raz\u00f3n, es importante recibir atenci\u00f3n m\u00e9dica si los s\u00edntomas persisten.<\/span><\/p><p>\u00a0<\/p><h2><b>Prevenci\u00f3n<\/b><\/h2><p><span style=\"font-weight: 400;\">Existen varias medidas para reducir el riesgo de conjuntivitis.<\/span><\/p><ul><li style=\"font-weight: 400;\" aria-level=\"1\"><span style=\"font-weight: 400;\">Lavarse las manos frecuentemente<\/span><\/li><li style=\"font-weight: 400;\" aria-level=\"1\"><span style=\"font-weight: 400;\">Evitar tocarse los ojos con manos sucias<\/span><\/li><li style=\"font-weight: 400;\" aria-level=\"1\"><span style=\"font-weight: 400;\">No compartir maquillaje o productos oculares<\/span><\/li><li style=\"font-weight: 400;\" aria-level=\"1\"><span style=\"font-weight: 400;\">Limpiar adecuadamente lentes de contacto<\/span><\/li><li style=\"font-weight: 400;\" aria-level=\"1\"><span style=\"font-weight: 400;\">Proteger los ojos en ambientes contaminados<\/span><\/li><\/ul><p>\u00a0<\/p><p><span style=\"font-weight: 400;\">Estas medidas simples pueden disminuir significativamente la probabilidad de infecci\u00f3n ocular.<\/span><\/p><p>\u00a0<\/p><h2><b>Pron\u00f3stico<\/b><\/h2><p><span style=\"font-weight: 400;\">En la mayor\u00eda de los casos, la conjuntivitis tiene un pron\u00f3stico excelente. Muchas infecciones se resuelven en una o dos semanas con tratamiento adecuado.<\/span><\/p><p><span style=\"font-weight: 400;\">Las conjuntivitis al\u00e9rgicas pueden ser recurrentes, especialmente durante temporadas de alergia, pero generalmente se controlan con medicamentos y prevenci\u00f3n.<\/span><\/p><p><span style=\"font-weight: 400;\">Un diagn\u00f3stico temprano ayuda a acelerar la recuperaci\u00f3n y evitar complicaciones.<\/span><\/p><h2><b>Vivir con Conjuntivitis<\/b><\/h2><p><span style=\"font-weight: 400;\">Mientras dura la infecci\u00f3n o inflamaci\u00f3n ocular, es importante cuidar la higiene personal y evitar contagiar a otras personas.<\/span><\/p><p><span style=\"font-weight: 400;\">Algunas recomendaciones incluyen:<\/span><\/p><ul><li style=\"font-weight: 400;\" aria-level=\"1\"><span style=\"font-weight: 400;\">No compartir almohadas o toallas<\/span><\/li><li style=\"font-weight: 400;\" aria-level=\"1\"><span style=\"font-weight: 400;\">Limpiar secreciones con gasas est\u00e9riles<\/span><\/li><li style=\"font-weight: 400;\" aria-level=\"1\"><span style=\"font-weight: 400;\">Reemplazar maquillaje ocular usado durante la infecci\u00f3n<\/span><\/li><li style=\"font-weight: 400;\" aria-level=\"1\"><span style=\"font-weight: 400;\">Evitar piscinas hasta recuperarse completamente<\/span><\/li><\/ul><p>\u00a0<\/p><p><span style=\"font-weight: 400;\">La mayor\u00eda de las personas puede volver a sus actividades normales una vez que los s\u00edntomas desaparecen.<\/span><\/p>\t\t\t\t\t\t\t\t<\/div>\n\t\t\t\t<\/div>\n\t\t\t\t\t<\/div>\n\t\t<\/div>\n\t\t\t\t\t<\/div>\n\t\t<\/section>\n\t\t\t\t<section class=\"elementor-section elementor-top-section elementor-element elementor-element-22bd9e76 elementor-section-content-middle elementor-section-boxed elementor-section-height-default elementor-section-height-default\" data-id=\"22bd9e76\" data-element_type=\"section\" data-e-type=\"section\">\n\t\t\t\t\t\t<div class=\"elementor-container elementor-column-gap-no\">\n\t\t\t\t\t<div class=\"elementor-column elementor-col-100 elementor-top-column elementor-element elementor-element-196e720\" data-id=\"196e720\" data-element_type=\"column\" data-e-type=\"column\">\n\t\t\t<div class=\"elementor-widget-wrap elementor-element-populated\">\n\t\t\t\t\t\t<div class=\"elementor-element elementor-element-db52cb elementor-widget elementor-widget-heading\" data-id=\"db52cb\" data-element_type=\"widget\" data-e-type=\"widget\" data-widget_type=\"heading.default\">\n\t\t\t\t<div class=\"elementor-widget-container\">\n\t\t\t\t\t<h2 class=\"elementor-heading-title elementor-size-default\">FAQ<\/h2>\t\t\t\t<\/div>\n\t\t\t\t<\/div>\n\t\t\t\t<div class=\"elementor-element elementor-element-15cf46c8 elementor-widget elementor-widget-heading\" data-id=\"15cf46c8\" data-element_type=\"widget\" data-e-type=\"widget\" data-widget_type=\"heading.default\">\n\t\t\t\t<div class=\"elementor-widget-container\">\n\t\t\t\t\t<h5 class=\"elementor-heading-title elementor-size-default\">Preguntas frecuentes de\nconjuntivitis en Cancun<\/h5>\t\t\t\t<\/div>\n\t\t\t\t<\/div>\n\t\t\t\t<div class=\"elementor-element elementor-element-610c32f7 elementor-widget elementor-widget-toggle\" data-id=\"610c32f7\" data-element_type=\"widget\" data-e-type=\"widget\" data-widget_type=\"toggle.default\">\n\t\t\t\t<div class=\"elementor-widget-container\">\n\t\t\t\t\t\t\t<div class=\"elementor-toggle\">\n\t\t\t\t\t\t\t<div class=\"elementor-toggle-item\">\n\t\t\t\t\t<div id=\"elementor-tab-title-1621\" class=\"elementor-tab-title\" data-tab=\"1\" role=\"button\" aria-controls=\"elementor-tab-content-1621\" aria-expanded=\"false\">\n\t\t\t\t\t\t\t\t\t\t\t\t<span class=\"elementor-toggle-icon elementor-toggle-icon-right\" aria-hidden=\"true\">\n\t\t\t\t\t\t\t\t\t\t\t\t\t\t\t<span class=\"elementor-toggle-icon-closed\"><i class=\"fas fa-caret-right\"><\/i><\/span>\n\t\t\t\t\t\t\t\t<span class=\"elementor-toggle-icon-opened\"><i class=\"elementor-toggle-icon-opened fas fa-caret-up\"><\/i><\/span>\n\t\t\t\t\t\t\t\t\t\t\t\t\t<\/span>\n\t\t\t\t\t\t\t\t\t\t\t\t<a class=\"elementor-toggle-title\" tabindex=\"0\">\u00bfLa conjuntivitis es contagiosa?<\/a>\n\t\t\t\t\t<\/div>\n\n\t\t\t\t\t<div id=\"elementor-tab-content-1621\" class=\"elementor-tab-content elementor-clearfix\" data-tab=\"1\" role=\"region\" aria-labelledby=\"elementor-tab-title-1621\"><p><span style=\"font-weight: 400;\">La conjuntivitis viral y bacteriana s\u00ed puede ser contagiosa. Se transmite a trav\u00e9s del contacto con secreciones o superficies contaminadas.<\/span><\/p><\/div>\n\t\t\t\t<\/div>\n\t\t\t\t\t\t\t<div class=\"elementor-toggle-item\">\n\t\t\t\t\t<div id=\"elementor-tab-title-1622\" class=\"elementor-tab-title\" data-tab=\"2\" role=\"button\" aria-controls=\"elementor-tab-content-1622\" aria-expanded=\"false\">\n\t\t\t\t\t\t\t\t\t\t\t\t<span class=\"elementor-toggle-icon elementor-toggle-icon-right\" aria-hidden=\"true\">\n\t\t\t\t\t\t\t\t\t\t\t\t\t\t\t<span class=\"elementor-toggle-icon-closed\"><i class=\"fas fa-caret-right\"><\/i><\/span>\n\t\t\t\t\t\t\t\t<span class=\"elementor-toggle-icon-opened\"><i class=\"elementor-toggle-icon-opened fas fa-caret-up\"><\/i><\/span>\n\t\t\t\t\t\t\t\t\t\t\t\t\t<\/span>\n\t\t\t\t\t\t\t\t\t\t\t\t<a class=\"elementor-toggle-title\" tabindex=\"0\">\u00bfCu\u00e1nto dura la conjuntivitis?<\/a>\n\t\t\t\t\t<\/div>\n\n\t\t\t\t\t<div id=\"elementor-tab-content-1622\" class=\"elementor-tab-content elementor-clearfix\" data-tab=\"2\" role=\"region\" aria-labelledby=\"elementor-tab-title-1622\"><p><span style=\"font-weight: 400;\">Dependiendo de la causa, puede durar entre 5 y 14 d\u00edas. Algunas infecciones virales pueden tardar un poco m\u00e1s.<\/span><\/p><\/div>\n\t\t\t\t<\/div>\n\t\t\t\t\t\t\t<div class=\"elementor-toggle-item\">\n\t\t\t\t\t<div id=\"elementor-tab-title-1623\" class=\"elementor-tab-title\" data-tab=\"3\" role=\"button\" aria-controls=\"elementor-tab-content-1623\" aria-expanded=\"false\">\n\t\t\t\t\t\t\t\t\t\t\t\t<span class=\"elementor-toggle-icon elementor-toggle-icon-right\" aria-hidden=\"true\">\n\t\t\t\t\t\t\t\t\t\t\t\t\t\t\t<span class=\"elementor-toggle-icon-closed\"><i class=\"fas fa-caret-right\"><\/i><\/span>\n\t\t\t\t\t\t\t\t<span class=\"elementor-toggle-icon-opened\"><i class=\"elementor-toggle-icon-opened fas fa-caret-up\"><\/i><\/span>\n\t\t\t\t\t\t\t\t\t\t\t\t\t<\/span>\n\t\t\t\t\t\t\t\t\t\t\t\t<a class=\"elementor-toggle-title\" tabindex=\"0\">\u00bfLa conjuntivitis siempre requiere antibi\u00f3ticos?<\/a>\n\t\t\t\t\t<\/div>\n\n\t\t\t\t\t<div id=\"elementor-tab-content-1623\" class=\"elementor-tab-content elementor-clearfix\" data-tab=\"3\" role=\"region\" aria-labelledby=\"elementor-tab-title-1623\"><p><span style=\"font-weight: 400;\">No. Solo la conjuntivitis bacteriana necesita antibi\u00f3ticos. Las virales generalmente se resuelven solas.<\/span><\/p><\/div>\n\t\t\t\t<\/div>\n\t\t\t\t\t\t\t<div class=\"elementor-toggle-item\">\n\t\t\t\t\t<div id=\"elementor-tab-title-1624\" class=\"elementor-tab-title\" data-tab=\"4\" role=\"button\" aria-controls=\"elementor-tab-content-1624\" aria-expanded=\"false\">\n\t\t\t\t\t\t\t\t\t\t\t\t<span class=\"elementor-toggle-icon elementor-toggle-icon-right\" aria-hidden=\"true\">\n\t\t\t\t\t\t\t\t\t\t\t\t\t\t\t<span class=\"elementor-toggle-icon-closed\"><i class=\"fas fa-caret-right\"><\/i><\/span>\n\t\t\t\t\t\t\t\t<span class=\"elementor-toggle-icon-opened\"><i class=\"elementor-toggle-icon-opened fas fa-caret-up\"><\/i><\/span>\n\t\t\t\t\t\t\t\t\t\t\t\t\t<\/span>\n\t\t\t\t\t\t\t\t\t\t\t\t<a class=\"elementor-toggle-title\" tabindex=\"0\">\u00bfPuedo usar lentes de contacto si tengo conjuntivitis?<\/a>\n\t\t\t\t\t<\/div>\n\n\t\t\t\t\t<div id=\"elementor-tab-content-1624\" class=\"elementor-tab-content elementor-clearfix\" data-tab=\"4\" role=\"region\" aria-labelledby=\"elementor-tab-title-1624\"><p><span style=\"font-weight: 400;\">No se recomienda. Es mejor suspender el uso hasta que el ojo est\u00e9 completamente recuperado.<\/span><\/p><\/div>\n\t\t\t\t<\/div>\n\t\t\t\t\t\t\t<div class=\"elementor-toggle-item\">\n\t\t\t\t\t<div id=\"elementor-tab-title-1625\" class=\"elementor-tab-title\" data-tab=\"5\" role=\"button\" aria-controls=\"elementor-tab-content-1625\" aria-expanded=\"false\">\n\t\t\t\t\t\t\t\t\t\t\t\t<span class=\"elementor-toggle-icon elementor-toggle-icon-right\" aria-hidden=\"true\">\n\t\t\t\t\t\t\t\t\t\t\t\t\t\t\t<span class=\"elementor-toggle-icon-closed\"><i class=\"fas fa-caret-right\"><\/i><\/span>\n\t\t\t\t\t\t\t\t<span class=\"elementor-toggle-icon-opened\"><i class=\"elementor-toggle-icon-opened fas fa-caret-up\"><\/i><\/span>\n\t\t\t\t\t\t\t\t\t\t\t\t\t<\/span>\n\t\t\t\t\t\t\t\t\t\t\t\t<a class=\"elementor-toggle-title\" tabindex=\"0\">\u00bfLa conjuntivitis puede afectar la visi\u00f3n?<\/a>\n\t\t\t\t\t<\/div>\n\n\t\t\t\t\t<div id=\"elementor-tab-content-1625\" class=\"elementor-tab-content elementor-clearfix\" data-tab=\"5\" role=\"region\" aria-labelledby=\"elementor-tab-title-1625\"><p><span style=\"font-weight: 400;\">En la mayor\u00eda de los casos no causa da\u00f1o permanente. Sin embargo, infecciones severas pueden afectar la c\u00f3rnea si no se tratan.<\/span><\/p><\/div>\n\t\t\t\t<\/div>\n\t\t\t\t\t\t\t\t\t\t<script type=\"application\/ld+json\">{\"@context\":\"https:\\\/\\\/schema.org\",\"@type\":\"FAQPage\",\"mainEntity\":[{\"@type\":\"Question\",\"name\":\"\\u00bfLa conjuntivitis es contagiosa?\",\"acceptedAnswer\":{\"@type\":\"Answer\",\"text\":\"<p><span style=\\\"font-weight: 400;\\\">La conjuntivitis viral y bacteriana s\\u00ed puede ser contagiosa. Se transmite a trav\\u00e9s del contacto con secreciones o superficies contaminadas.<\\\/span><\\\/p>\"}},{\"@type\":\"Question\",\"name\":\"\\u00bfCu\\u00e1nto dura la conjuntivitis?\",\"acceptedAnswer\":{\"@type\":\"Answer\",\"text\":\"<p><span style=\\\"font-weight: 400;\\\">Dependiendo de la causa, puede durar entre 5 y 14 d\\u00edas. Algunas infecciones virales pueden tardar un poco m\\u00e1s.<\\\/span><\\\/p>\"}},{\"@type\":\"Question\",\"name\":\"\\u00bfLa conjuntivitis siempre requiere antibi\\u00f3ticos?\",\"acceptedAnswer\":{\"@type\":\"Answer\",\"text\":\"<p><span style=\\\"font-weight: 400;\\\">No. Solo la conjuntivitis bacteriana necesita antibi\\u00f3ticos. Las virales generalmente se resuelven solas.<\\\/span><\\\/p>\"}},{\"@type\":\"Question\",\"name\":\"\\u00bfPuedo usar lentes de contacto si tengo conjuntivitis?\",\"acceptedAnswer\":{\"@type\":\"Answer\",\"text\":\"<p><span style=\\\"font-weight: 400;\\\">No se recomienda. Es mejor suspender el uso hasta que el ojo est\\u00e9 completamente recuperado.<\\\/span><\\\/p>\"}},{\"@type\":\"Question\",\"name\":\"\\u00bfLa conjuntivitis puede afectar la visi\\u00f3n?\",\"acceptedAnswer\":{\"@type\":\"Answer\",\"text\":\"<p><span style=\\\"font-weight: 400;\\\">En la mayor\\u00eda de los casos no causa da\\u00f1o permanente. Sin embargo, infecciones severas pueden afectar la c\\u00f3rnea si no se tratan.<\\\/span><\\\/p>\"}}]}<\/script>\n\t\t\t\t\t<\/div>\n\t\t\t\t\t\t<\/div>\n\t\t\t\t<\/div>\n\t\t\t\t\t<\/div>\n\t\t<\/div>\n\t\t\t\t\t<\/div>\n\t\t<\/section>\n\t\t\t\t<section class=\"elementor-section elementor-top-section elementor-element elementor-element-40ba1e3b elementor-section-full_width elementor-section-content-middle elementor-section-height-default elementor-section-height-default\" data-id=\"40ba1e3b\" data-element_type=\"section\" data-e-type=\"section\" data-settings=\"{&quot;background_background&quot;:&quot;classic&quot;}\">\n\t\t\t\t\t\t<div class=\"elementor-container elementor-column-gap-no\">\n\t\t\t\t\t<div class=\"elementor-column elementor-col-100 elementor-top-column elementor-element elementor-element-32461169\" data-id=\"32461169\" data-element_type=\"column\" data-e-type=\"column\">\n\t\t\t<div class=\"elementor-widget-wrap elementor-element-populated\">\n\t\t\t\t\t\t<div class=\"elementor-element elementor-element-ff41c8a animated-slow elementor-invisible elementor-widget elementor-widget-heading\" data-id=\"ff41c8a\" data-element_type=\"widget\" data-e-type=\"widget\" data-settings=\"{&quot;_animation&quot;:&quot;fadeIn&quot;}\" data-widget_type=\"heading.default\">\n\t\t\t\t<div class=\"elementor-widget-container\">\n\t\t\t\t\t<div class=\"elementor-heading-title elementor-size-default\">\u00bfLe afecta <strong><FONT COLOR=\"#30D5C8 \">Ojo Rojo?<\/div>\t\t\t\t<\/div>\n\t\t\t\t<\/div>\n\t\t\t\t<div class=\"elementor-element elementor-element-66babe5 elementor-widget elementor-widget-heading\" data-id=\"66babe5\" data-element_type=\"widget\" data-e-type=\"widget\" data-widget_type=\"heading.default\">\n\t\t\t\t<div class=\"elementor-widget-container\">\n\t\t\t\t\t<h2 class=\"elementor-heading-title elementor-size-default\">\u00a1Mejore su Visi\u00f3n y Calidad de Vida <br><strong><FONT COLOR=\"#30D5C8 \">con PROVISSION!<\/h2>\t\t\t\t<\/div>\n\t\t\t\t<\/div>\n\t\t\t\t<section class=\"elementor-section elementor-inner-section elementor-element elementor-element-0d6b1c7 elementor-section-boxed elementor-section-height-default elementor-section-height-default\" data-id=\"0d6b1c7\" data-element_type=\"section\" data-e-type=\"section\">\n\t\t\t\t\t\t<div class=\"elementor-container elementor-column-gap-default\">\n\t\t\t\t\t<div class=\"elementor-column elementor-col-50 elementor-inner-column elementor-element elementor-element-575385b\" data-id=\"575385b\" data-element_type=\"column\" data-e-type=\"column\" data-settings=\"{&quot;background_background&quot;:&quot;classic&quot;}\">\n\t\t\t<div class=\"elementor-widget-wrap elementor-element-populated\">\n\t\t\t\t\t\t<div class=\"elementor-element elementor-element-488c0cf elementor-invisible elementor-widget elementor-widget-text-editor\" data-id=\"488c0cf\" data-element_type=\"widget\" data-e-type=\"widget\" data-settings=\"{&quot;_animation&quot;:&quot;fadeIn&quot;}\" data-widget_type=\"text-editor.default\">\n\t\t\t\t<div class=\"elementor-widget-container\">\n\t\t\t\t\t\t\t\t\t<p><span style=\"font-weight: 400;\">Programe su consulta con el Dr. Carlos David \u00c1vila G\u00f3mez y reciba atenci\u00f3n oftalmol\u00f3gica de primer nivel en Canc\u00fan.<\/span><\/p>\t\t\t\t\t\t\t\t<\/div>\n\t\t\t\t<\/div>\n\t\t\t\t<div class=\"elementor-element elementor-element-ac9036a elementor-align-left elementor-invisible elementor-widget elementor-widget-button\" data-id=\"ac9036a\" data-element_type=\"widget\" data-e-type=\"widget\" data-settings=\"{&quot;_animation&quot;:&quot;fadeIn&quot;,&quot;_animation_delay&quot;:800}\" data-widget_type=\"button.default\">\n\t\t\t\t<div class=\"elementor-widget-container\">\n\t\t\t\t\t\t\t\t\t<div class=\"elementor-button-wrapper\">\n\t\t\t\t\t<a class=\"elementor-button elementor-button-link elementor-size-md\" href=\"tel:+529982815583\">\n\t\t\t\t\t\t<span class=\"elementor-button-content-wrapper\">\n\t\t\t\t\t\t<span class=\"elementor-button-icon\">\n\t\t\t\t<i aria-hidden=\"true\" class=\"material-icons md-phone_iphone\"><\/i>\t\t\t<\/span>\n\t\t\t\t\t\t\t\t\t<span class=\"elementor-button-text\">(998)2 81.55.83<\/span>\n\t\t\t\t\t<\/span>\n\t\t\t\t\t<\/a>\n\t\t\t\t<\/div>\n\t\t\t\t\t\t\t\t<\/div>\n\t\t\t\t<\/div>\n\t\t\t\t\t<\/div>\n\t\t<\/div>\n\t\t\t\t<div class=\"elementor-column elementor-col-50 elementor-inner-column elementor-element elementor-element-68e6583\" data-id=\"68e6583\" data-element_type=\"column\" data-e-type=\"column\">\n\t\t\t<div class=\"elementor-widget-wrap\">\n\t\t\t\t\t\t\t<\/div>\n\t\t<\/div>\n\t\t\t\t\t<\/div>\n\t\t<\/section>\n\t\t\t\t\t<\/div>\n\t\t<\/div>\n\t\t\t\t\t<\/div>\n\t\t<\/section>\n\t\t\t\t<\/div>\n\t\t","protected":false},"excerpt":{"rendered":"<p>Home Conjuntivitis (Ojo Rojo) La conjuntivitis es una de las causas m\u00e1s comunes de ojo rojo en ni\u00f1os y adultos. Ocurre cuando la conjuntiva, la membrana transparente que recubre la parte blanca del ojo y el interior de los p\u00e1rpados, se inflama o se infecta. Esta condici\u00f3n puede aparecer por infecciones virales o bacterianas, alergias, [&hellip;]<\/p>\n","protected":false},"author":1,"featured_media":1051,"parent":1046,"menu_order":0,"comment_status":"closed","ping_status":"closed","template":"elementor_header_footer","meta":{"footnotes":""},"class_list":["post-1961","page","type-page","status-publish","has-post-thumbnail","hentry"],"_links":{"self":[{"href":"https:\/\/oftalmologocancun.com.mx\/en\/wp-json\/wp\/v2\/pages\/1961","targetHints":{"allow":["GET"]}}],"collection":[{"href":"https:\/\/oftalmologocancun.com.mx\/en\/wp-json\/wp\/v2\/pages"}],"about":[{"href":"https:\/\/oftalmologocancun.com.mx\/en\/wp-json\/wp\/v2\/types\/page"}],"author":[{"embeddable":true,"href":"https:\/\/oftalmologocancun.com.mx\/en\/wp-json\/wp\/v2\/users\/1"}],"replies":[{"embeddable":true,"href":"https:\/\/oftalmologocancun.com.mx\/en\/wp-json\/wp\/v2\/comments?post=1961"}],"version-history":[{"count":19,"href":"https:\/\/oftalmologocancun.com.mx\/en\/wp-json\/wp\/v2\/pages\/1961\/revisions"}],"predecessor-version":[{"id":1985,"href":"https:\/\/oftalmologocancun.com.mx\/en\/wp-json\/wp\/v2\/pages\/1961\/revisions\/1985"}],"up":[{"embeddable":true,"href":"https:\/\/oftalmologocancun.com.mx\/en\/wp-json\/wp\/v2\/pages\/1046"}],"wp:featuredmedia":[{"embeddable":true,"href":"https:\/\/oftalmologocancun.com.mx\/en\/wp-json\/wp\/v2\/media\/1051"}],"wp:attachment":[{"href":"https:\/\/oftalmologocancun.com.mx\/en\/wp-json\/wp\/v2\/media?parent=1961"}],"curies":[{"name":"wp","href":"https:\/\/api.w.org\/{rel}","templated":true}]}}